{"id":1426,"date":"2025-09-20T17:08:23","date_gmt":"2025-09-20T20:08:23","guid":{"rendered":"https:\/\/www.seplan.sc.gov.br\/eproc\/?page_id=1426"},"modified":"2025-12-01T18:27:22","modified_gmt":"2025-12-01T21:27:22","slug":"mapa-estrategico","status":"publish","type":"page","link":"https:\/\/www.seplan.sc.gov.br\/eproc\/institucional\/mapa-estrategico\/","title":{"rendered":"Mapa Estrat\u00e9gico"},"content":{"rendered":"\t\t<div data-elementor-type=\"wp-page\" data-elementor-id=\"1426\" class=\"elementor elementor-1426\" data-elementor-settings=\"{&quot;ha_cmc_init_switcher&quot;:&quot;no&quot;}\">\n\t\t\t\t<div class=\"elementor-element elementor-element-fc31d71 e-flex e-con-boxed e-con e-parent\" data-id=\"fc31d71\" data-element_type=\"container\" data-e-type=\"container\" data-settings=\"{&quot;background_background&quot;:&quot;classic&quot;}\">\n\t\t\t\t\t<div class=\"e-con-inner\">\n\t\t\t\t<div class=\"elementor-element elementor-element-973b1e0 elementor-widget__width-initial elementor-widget-mobile__width-inherit elementor-widget-mobile_extra__width-initial elementor-widget elementor-widget-image-box\" data-id=\"973b1e0\" data-element_type=\"widget\" data-e-type=\"widget\" data-widget_type=\"image-box.default\">\n\t\t\t\t<div class=\"elementor-widget-container\">\n\t\t\t\t\t<div class=\"elementor-image-box-wrapper\"><div class=\"elementor-image-box-content\"><h3 class=\"elementor-image-box-title\">Voc\u00ea est\u00e1 em <\/h3><p class=\"elementor-image-box-description\">Mapa Estrat\u00e9gico<\/p><\/div><\/div>\t\t\t\t<\/div>\n\t\t\t\t<\/div>\n\t\t\t\t\t<\/div>\n\t\t\t\t<\/div>\n\t\t<div class=\"elementor-element elementor-element-622ab07 e-flex e-con-boxed e-con e-parent\" data-id=\"622ab07\" data-element_type=\"container\" data-e-type=\"container\" data-settings=\"{&quot;background_background&quot;:&quot;classic&quot;}\">\n\t\t\t\t\t<div class=\"e-con-inner\">\n\t\t\t\t<div class=\"elementor-element elementor-element-c7bdece elementor-widget elementor-widget-hfe-breadcrumbs-widget\" data-id=\"c7bdece\" data-element_type=\"widget\" data-e-type=\"widget\" data-widget_type=\"hfe-breadcrumbs-widget.default\">\n\t\t\t\t<div class=\"elementor-widget-container\">\n\t\t\t\t\t<nav aria-label=\"Breadcrumb\"><ul class=\"hfe-breadcrumbs hfe-breadcrumbs-show-home\"><li class=\"hfe-breadcrumbs-item hfe-breadcrumbs-first\"><span class=\"hfe-breadcrumbs-home-icon\"><i aria-hidden=\"true\" class=\"icon icon-home\"><\/i><\/span><a href=\"https:\/\/www.seplan.sc.gov.br\/eproc\"><span class=\"hfe-breadcrumbs-text\">In\u00edcio<\/span><\/a><\/li><\/ul><\/nav>\t\t\t\t<\/div>\n\t\t\t\t<\/div>\n\t\t\t\t\t<\/div>\n\t\t\t\t<\/div>\n\t\t<div class=\"elementor-element elementor-element-3b10272 e-flex e-con-boxed e-con e-parent\" data-id=\"3b10272\" data-element_type=\"container\" data-e-type=\"container\">\n\t\t\t\t\t<div class=\"e-con-inner\">\n\t\t\t\t<div class=\"elementor-element elementor-element-c484561 elementor-widget__width-initial elementor-widget-tablet__width-inherit elementor-widget elementor-widget-image\" data-id=\"c484561\" data-element_type=\"widget\" data-e-type=\"widget\" data-widget_type=\"image.default\">\n\t\t\t\t<div class=\"elementor-widget-container\">\n\t\t\t\t\t\t\t\t\t\t\t\t\t\t\t<img fetchpriority=\"high\" decoding=\"async\" width=\"718\" height=\"439\" src=\"https:\/\/www.seplan.sc.gov.br\/eproc\/wp-content\/uploads\/2025\/09\/mapa-estrategico.png\" class=\"attachment-full size-full wp-image-1428\" alt=\"\" srcset=\"https:\/\/www.seplan.sc.gov.br\/eproc\/wp-content\/uploads\/2025\/09\/mapa-estrategico.png 718w, https:\/\/www.seplan.sc.gov.br\/eproc\/wp-content\/uploads\/2025\/09\/mapa-estrategico-300x183.png 300w\" sizes=\"(max-width: 718px) 100vw, 718px\" \/>\t\t\t\t\t\t\t\t\t\t\t\t\t\t\t<\/div>\n\t\t\t\t<\/div>\n\t\t<div class=\"elementor-element elementor-element-05dc25f e-con-full e-flex e-con e-child\" data-id=\"05dc25f\" data-element_type=\"container\" data-e-type=\"container\">\n\t\t\t\t<div class=\"elementor-element elementor-element-f00f786 elementor-widget__width-inherit elementor-widget elementor-widget-image-box\" data-id=\"f00f786\" data-element_type=\"widget\" data-e-type=\"widget\" data-widget_type=\"image-box.default\">\n\t\t\t\t<div class=\"elementor-widget-container\">\n\t\t\t\t\t<div class=\"elementor-image-box-wrapper\"><div class=\"elementor-image-box-content\"><h3 class=\"elementor-image-box-title\">Mapa <\/h3><p class=\"elementor-image-box-description\">Estrat\u00e9gico<\/p><\/div><\/div>\t\t\t\t<\/div>\n\t\t\t\t<\/div>\n\t\t\t\t<div class=\"elementor-element elementor-element-ade418b elementor-widget__width-inherit elementor-widget-mobile_extra__width-initial elementor-widget-mobile__width-inherit elementor-widget elementor-widget-text-editor\" data-id=\"ade418b\" data-element_type=\"widget\" data-e-type=\"widget\" data-widget_type=\"text-editor.default\">\n\t\t\t\t<div class=\"elementor-widget-container\">\n\t\t\t\t\t\t\t\t\t<p data-start=\"142\" data-end=\"490\">O mapa estrat\u00e9gico do EPROC \u00e9 um instrumento fundamental para orientar a execu\u00e7\u00e3o do planejamento estrat\u00e9gico, permitindo a visualiza\u00e7\u00e3o clara das a\u00e7\u00f5es necess\u00e1rias para alcan\u00e7ar os objetivos dos Setores.<br \/>Estruturado com base em pilares como resultados, processos, pessoas, projetos, inova\u00e7\u00e3o e tecnologia, o mapa estrat\u00e9gico conecta diretamente as atividades desenvolvidas pelo EPROC \u00e0s diretrizes e metas do governo, promovendo uma gest\u00e3o p\u00fablica mais eficiente e orientada para melhoria cont\u00ednua dos servi\u00e7os p\u00fablicos. <br \/>Ao definir uma trajet\u00f3ria clara de atua\u00e7\u00e3o, o mapa estrat\u00e9gico proporciona uma vis\u00e3o integrada das iniciativas que precisam ser conduzidas para otimizar os processos governamentais e fortalecer a governan\u00e7a p\u00fablica. <br \/>Por meio da vis\u00e3o gr\u00e1fica e da exposi\u00e7\u00e3o detalhada das informa\u00e7\u00f5es o EPROC consegue alinhar suas a\u00e7\u00f5es com as demandas dos \u00f3rg\u00e3os p\u00fablicos e da sociedade, garantindo que os esfor\u00e7os de transforma\u00e7\u00e3o digital, automa\u00e7\u00e3o de processos e capacita\u00e7\u00e3o dos profissionais sejam coordenados de forma eficiente.<br \/>O foco do mapa estrat\u00e9gico est\u00e1 na melhoria cont\u00ednua dos processos e na entrega de servi\u00e7os com qualidade, permitindo que o governo de Santa Catarina atue de maneira mais \u00e1gil, transparente e inovadora. O mapa estrat\u00e9gico, portanto, n\u00e3o apenas direciona o trabalho do EPROC, mas tamb\u00e9m serve como um guia para a integra\u00e7\u00e3o de esfor\u00e7os entre diferentes setores da administra\u00e7\u00e3o p\u00fablica, assegurando que a vis\u00e3o de futuro da organiza\u00e7\u00e3o seja alcan\u00e7ada.<\/p>\t\t\t\t\t\t\t\t<\/div>\n\t\t\t\t<\/div>\n\t\t\t\t<div class=\"elementor-element elementor-element-831f7bd elementor-widget-mobile__width-initial elementor-widget elementor-widget-button\" data-id=\"831f7bd\" data-element_type=\"widget\" data-e-type=\"widget\" data-widget_type=\"button.default\">\n\t\t\t\t<div class=\"elementor-widget-container\">\n\t\t\t\t\t\t\t\t\t<div class=\"elementor-button-wrapper\">\n\t\t\t\t\t<a class=\"elementor-button elementor-button-link elementor-size-sm\" href=\"https:\/\/www.seplan.sc.gov.br\/eproc\/wp-content\/uploads\/2025\/12\/Planejamento-Estrategico-EPROC-2024-2026-1.pdf\" target=\"_blank\">\n\t\t\t\t\t\t<span class=\"elementor-button-content-wrapper\">\n\t\t\t\t\t\t<span class=\"elementor-button-icon\">\n\t\t\t\t<i aria-hidden=\"true\" class=\"icon icon-download\"><\/i>\t\t\t<\/span>\n\t\t\t\t\t\t\t\t\t<span class=\"elementor-button-text\">Planejamento Estrat\u00e9gico<\/span>\n\t\t\t\t\t<\/span>\n\t\t\t\t\t<\/a>\n\t\t\t\t<\/div>\n\t\t\t\t\t\t\t\t<\/div>\n\t\t\t\t<\/div>\n\t\t\t\t<\/div>\n\t\t\t\t\t<\/div>\n\t\t\t\t<\/div>\n\t\t\t\t<\/div>\n\t\t","protected":false},"excerpt":{"rendered":"<p>Voc\u00ea est\u00e1 em Mapa Estrat\u00e9gico In\u00edcio Mapa Estrat\u00e9gico O mapa estrat\u00e9gico do EPROC \u00e9 um instrumento fundamental para orientar a execu\u00e7\u00e3o do planejamento estrat\u00e9gico, permitindo a visualiza\u00e7\u00e3o clara das a\u00e7\u00f5es necess\u00e1rias para alcan\u00e7ar os objetivos dos Setores.Estruturado com base em pilares como resultados, processos, pessoas, projetos, inova\u00e7\u00e3o e tecnologia, o mapa estrat\u00e9gico conecta diretamente as [&hellip;]<\/p>\n","protected":false},"author":2,"featured_media":0,"parent":1136,"menu_order":0,"comment_status":"closed","ping_status":"closed","template":"elementor_canvas","meta":{"footnotes":""},"class_list":["post-1426","page","type-page","status-publish","hentry"],"_links":{"self":[{"href":"https:\/\/www.seplan.sc.gov.br\/eproc\/wp-json\/wp\/v2\/pages\/1426","targetHints":{"allow":["GET"]}}],"collection":[{"href":"https:\/\/www.seplan.sc.gov.br\/eproc\/wp-json\/wp\/v2\/pages"}],"about":[{"href":"https:\/\/www.seplan.sc.gov.br\/eproc\/wp-json\/wp\/v2\/types\/page"}],"author":[{"embeddable":true,"href":"https:\/\/www.seplan.sc.gov.br\/eproc\/wp-json\/wp\/v2\/users\/2"}],"replies":[{"embeddable":true,"href":"https:\/\/www.seplan.sc.gov.br\/eproc\/wp-json\/wp\/v2\/comments?post=1426"}],"version-history":[{"count":13,"href":"https:\/\/www.seplan.sc.gov.br\/eproc\/wp-json\/wp\/v2\/pages\/1426\/revisions"}],"predecessor-version":[{"id":2189,"href":"https:\/\/www.seplan.sc.gov.br\/eproc\/wp-json\/wp\/v2\/pages\/1426\/revisions\/2189"}],"up":[{"embeddable":true,"href":"https:\/\/www.seplan.sc.gov.br\/eproc\/wp-json\/wp\/v2\/pages\/1136"}],"wp:attachment":[{"href":"https:\/\/www.seplan.sc.gov.br\/eproc\/wp-json\/wp\/v2\/media?parent=1426"}],"curies":[{"name":"wp","href":"https:\/\/api.w.org\/{rel}","templated":true}]}}